{"id":375,"date":"2019-08-27T15:00:24","date_gmt":"2019-08-27T13:00:24","guid":{"rendered":"http:\/\/microkine-claude.be\/?page_id=375"},"modified":"2021-06-08T23:51:52","modified_gmt":"2021-06-08T21:51:52","slug":"qui-suis-je","status":"publish","type":"page","link":"https:\/\/microkine-claude.be\/index.php\/qui-suis-je\/","title":{"rendered":"Qui suis-je ?"},"content":{"rendered":"\n<figure class=\"wp-block-image is-resized\"><img decoding=\"async\" loading=\"lazy\" src=\"http:\/\/microkine-claude.be\/wp-content\/uploads\/2021\/06\/Capture-d\u2019e\u0301cran-2021-06-08-a\u0300-23.43.03-575x1024.jpg\" alt=\"\" class=\"wp-image-440\" width=\"144\" height=\"256\" srcset=\"https:\/\/microkine-claude.be\/wp-content\/uploads\/2021\/06\/Capture-d\u2019e\u0301cran-2021-06-08-a\u0300-23.43.03-575x1024.jpg 575w, https:\/\/microkine-claude.be\/wp-content\/uploads\/2021\/06\/Capture-d\u2019e\u0301cran-2021-06-08-a\u0300-23.43.03-168x300.jpg 168w, https:\/\/microkine-claude.be\/wp-content\/uploads\/2021\/06\/Capture-d\u2019e\u0301cran-2021-06-08-a\u0300-23.43.03.jpg 612w\" sizes=\"(max-width: 144px) 100vw, 144px\" \/><\/figure>\n\n\n\n<p style=\"font-size:-1px\"><strong>Kin\u00e9sith\u00e9rapeute dipl\u00f4m\u00e9 et Microkin\u00e9sith\u00e9rapeute certifi\u00e9, form\u00e9 en ost\u00e9opathie tissulaire et structurelle. <\/strong><\/p>\n\n\n\n<p>J&rsquo;ai entam\u00e9 ma formation en ost\u00e9opathie imm\u00e9diatement apr\u00e8s avoir obtenu le dipl\u00f4me de kin\u00e9sith\u00e9rapeute. J&rsquo;avais alors une approche essentiellement structurelle, avec de bons r\u00e9sultats. Mais j&rsquo;\u00e9tais r\u00e9guli\u00e8rement confront\u00e9 \u00e0 des pathologies r\u00e9calcitrantes, sur lesquelles mes protocoles de traitement n&rsquo;avaient que peu d&rsquo;effet.<\/p>\n\n\n<p>Je me suis alors tourn\u00e9 vers la formation de microkin\u00e9sith\u00e9rapie, qui proposait de traiter les causes \u00e9motionnelles. J&rsquo;ai depuis encha\u00een\u00e9 avec la formation d&rsquo;approche tissulaire de l&rsquo;ost\u00e9opathie selon Pierre Tricot, qui s&rsquo;attache elle aussi \u00e0 lib\u00e9rer les blocages d&rsquo;origines somato-\u00e9motionnelles.<\/p>\n<p><!-- \/wp:paragraph --><\/p>\n<p><!-- wp:paragraph --><\/p>\n<p><!-- \/wp:paragraph --><\/p>\n<p><!-- wp:paragraph --><\/p>\n<p><!-- \/wp:paragraph --><\/p>\n\n<!-- wp:paragraph -->\n<p><\/p>\n<!-- \/wp:paragraph -->","protected":false},"excerpt":{"rendered":"<p>Kin\u00e9sith\u00e9rapeute dipl\u00f4m\u00e9 et Microkin\u00e9sith\u00e9rapeute certifi\u00e9, form\u00e9 en ost\u00e9opathie tissulaire et structurelle. J&rsquo;ai entam\u00e9 ma formation en ost\u00e9opathie imm\u00e9diatement apr\u00e8s avoir obtenu le dipl\u00f4me de kin\u00e9sith\u00e9rapeute. J&rsquo;avais alors une approche essentiellement structurelle, avec de bons r\u00e9sultats. Mais j&rsquo;\u00e9tais r\u00e9guli\u00e8rement confront\u00e9 \u00e0 des pathologies r\u00e9calcitrantes, sur lesquelles mes protocoles de traitement n&rsquo;avaient que peu d&rsquo;effet. Je me [&hellip;]<\/p>\n","protected":false},"author":1,"featured_media":0,"parent":0,"menu_order":0,"comment_status":"closed","ping_status":"closed","template":"","meta":{"footnotes":""},"_links":{"self":[{"href":"https:\/\/microkine-claude.be\/index.php\/wp-json\/wp\/v2\/pages\/375"}],"collection":[{"href":"https:\/\/microkine-claude.be\/index.php\/wp-json\/wp\/v2\/pages"}],"about":[{"href":"https:\/\/microkine-claude.be\/index.php\/wp-json\/wp\/v2\/types\/page"}],"author":[{"embeddable":true,"href":"https:\/\/microkine-claude.be\/index.php\/wp-json\/wp\/v2\/users\/1"}],"replies":[{"embeddable":true,"href":"https:\/\/microkine-claude.be\/index.php\/wp-json\/wp\/v2\/comments?post=375"}],"version-history":[{"count":9,"href":"https:\/\/microkine-claude.be\/index.php\/wp-json\/wp\/v2\/pages\/375\/revisions"}],"predecessor-version":[{"id":443,"href":"https:\/\/microkine-claude.be\/index.php\/wp-json\/wp\/v2\/pages\/375\/revisions\/443"}],"wp:attachment":[{"href":"https:\/\/microkine-claude.be\/index.php\/wp-json\/wp\/v2\/media?parent=375"}],"curies":[{"name":"wp","href":"https:\/\/api.w.org\/{rel}","templated":true}]}}